{"id":1501,"date":"2025-06-17T13:36:42","date_gmt":"2025-06-17T13:36:42","guid":{"rendered":"https:\/\/acta.no\/trondelag\/?page_id=1501"},"modified":"2025-06-17T13:36:43","modified_gmt":"2025-06-17T13:36:43","slug":"paskefestival","status":"publish","type":"page","link":"https:\/\/acta.no\/trondelag\/paskefestival\/","title":{"rendered":"P\u00e5skefestival"},"content":{"rendered":"<div class=\"gutenberg-content\">\n<figure class=\"wp-block-image size-large\"><img loading=\"lazy\" decoding=\"async\" width=\"1024\" height=\"680\" src=\"https:\/\/www.normisjon.no\/content\/uploads\/sites\/36\/2019\/01\/vinterferieleir-1024x680.jpg\" alt=\"\" class=\"wp-image-285\" srcset=\"https:\/\/www.normisjon.no\/content\/uploads\/sites\/36\/2019\/01\/vinterferieleir-1024x680.jpg 1024w, https:\/\/www.normisjon.no\/content\/uploads\/sites\/36\/2019\/01\/vinterferieleir-300x199.jpg 300w, https:\/\/www.normisjon.no\/content\/uploads\/sites\/36\/2019\/01\/vinterferieleir-768x510.jpg 768w, https:\/\/www.normisjon.no\/content\/uploads\/sites\/36\/2019\/01\/vinterferieleir-960x638.jpg 960w, https:\/\/www.normisjon.no\/content\/uploads\/sites\/36\/2019\/01\/vinterferieleir.jpg 1280w\" sizes=\"auto, (max-width: 1024px) 100vw, 1024px\" \/><figcaption class=\"wp-element-caption\">Oppdal<\/figcaption><\/figure>\n\n\n\n<p>Hvert \u00e5r reiser 60-80 ungdommer til IMI-St\u00f8len for \u00e5 delta p\u00e5 P\u00e5skefestival med Acta Tr\u00f8ndelag. Alderen er 8.-3.vgs. Det er et stort aldersspenn, men fungerer bra!<\/p>\n\n\n\n<p>Studenter som tilh\u00f8rer regionen stiller opp som ledere sammen med ansatte i Acta Tr\u00f8ndelag, for \u00e5 lage en fantastisk uke for ungdommen! Fem d\u00f8gn sammen fra l\u00f8rdag i den stille uke til onsdag, skaper gode vennskap og mulighet til \u00e5 l\u00e6re mer om Gud.<\/p>\n\n\n\n<h4 class=\"wp-block-heading\">Aktiviteter<\/h4>\n\n\n\n<p>P\u00e5 P\u00e5skefestivalen kan du velge tre hele dager i bakken p\u00e5 Oppdal. Men du kan ogs\u00e5 velge bowling, basseng eller rett og slett kortspill og peiskos en dag!<\/p>\n\n\n\n<p>Fra ettermiddagen g\u00e5r det i ett med sosiale aktiviteter, celebration og korssamlinger. Ikke sjeldent legger studentene inn Bibel smugling eller ballong vm, som varer langt utp\u00e5 kvelden. Mens det er klare regler om ro i ganger p\u00e5 rom-fl\u00f8ya fra kl. 24.00, s\u00e5 er det liv p\u00e5 stua til svarte natta. <\/p>\n\n\n\n<h4 class=\"wp-block-heading\">Celebration, korssamling og Jesus<\/h4>\n\n\n\n<p>Hver kveld samles vi til Celebration. Det er v\u00e5r hovedsamling med tale, lovsang og mulighet for forb\u00f8nn. Denne p\u00e5sken \u00e5pnet vi opp for vitnekveld; og det ble fantastisk! Den ene etter den andre delte om livet med Gud. Det ber\u00f8rte oss alle, \u00e5pnet opp for b\u00f8nn og skapte en god atmosf\u00e6re \u00e5 v\u00e6re p\u00e5 leir i.<\/p>\n\n\n\n<p>Korssamling h\u00f8rer med p\u00e5 leir. Da samles vi rundt masse lys, formet som et kors. Der finne vi roen, mens vi synger lovsang, noen deler et vitnesbyrd eller du g\u00e5r til forskjellige poster -der du trekker bibelkort, tenner et lys eller skriver en b\u00f8nn.<\/p>\n\n\n\n<p>Jesus st\u00e5r i sterkt fokus p\u00e5 m\u00f8tene. Men det er ingen hinder for en leik som ice-breaker eller andre moro-innslag. Alt g\u00e5r h\u00e5nd i h\u00e5nd.<\/p>\n\n\n\n<figure class=\"wp-block-image size-large\"><img loading=\"lazy\" decoding=\"async\" width=\"1024\" height=\"462\" src=\"https:\/\/www.normisjon.no\/content\/uploads\/sites\/36\/2025\/06\/20230221_122843-1-1024x462.jpg\" alt=\"\" class=\"wp-image-1505\" srcset=\"https:\/\/www.normisjon.no\/content\/uploads\/sites\/36\/2025\/06\/20230221_122843-1-1024x462.jpg 1024w, https:\/\/www.normisjon.no\/content\/uploads\/sites\/36\/2025\/06\/20230221_122843-1-300x135.jpg 300w, https:\/\/www.normisjon.no\/content\/uploads\/sites\/36\/2025\/06\/20230221_122843-1-768x346.jpg 768w, https:\/\/www.normisjon.no\/content\/uploads\/sites\/36\/2025\/06\/20230221_122843-1-1536x692.jpg 1536w, https:\/\/www.normisjon.no\/content\/uploads\/sites\/36\/2025\/06\/20230221_122843-1-2048x923.jpg 2048w, https:\/\/www.normisjon.no\/content\/uploads\/sites\/36\/2025\/06\/20230221_122843-1-1920x865.jpg 1920w, https:\/\/www.normisjon.no\/content\/uploads\/sites\/36\/2025\/06\/20230221_122843-1-1360x613.jpg 1360w, https:\/\/www.normisjon.no\/content\/uploads\/sites\/36\/2025\/06\/20230221_122843-1-960x433.jpg 960w\" sizes=\"auto, (max-width: 1024px) 100vw, 1024px\" \/><figcaption class=\"wp-element-caption\">Fra bakkene i Oppdal<\/figcaption><\/figure>\n\n\n\n<p>P\u00e5skefestivalen er den beste m\u00e5ten \u00e5 starte p\u00e5skeferien p\u00e5. Det er en popul\u00e6r festival og samler ungdom fra store deler av Regionen. <\/p>\n\n\n\n<p>Festivalen legges ut p\u00e5 Acta Tr\u00f8ndelag sin hjemmeside rundt nytt\u00e5r. Den koster noe over 2000,- med bakke billetter i tillegg. Dersom dette blir for kostbart, s\u00e5 s\u00f8k om leirst\u00f8tte: https:\/\/acta.no\/trondelag\/leirstotte\/<\/p>\n\n\n\n<p>F\u00e5 med deg noen du kjenner og kom p\u00e5 neste festival!<\/p>\n<\/div>","protected":false},"excerpt":{"rendered":"<p>Hvert \u00e5r reiser 60-80 ungdommer til IMI-St\u00f8len for \u00e5 delta p\u00e5 P\u00e5skefestival med Acta Tr\u00f8ndelag. Alderen er 8.-3.vgs. Det er et stort aldersspenn, men fungerer bra! Studenter som tilh\u00f8rer regionen stiller opp som ledere sammen med ansatte i Acta Tr\u00f8ndelag, for \u00e5 lage en fantastisk uke for ungdommen! Fem d\u00f8gn sammen fra l\u00f8rdag i den [&hellip;]<\/p>\n","protected":false},"author":130,"featured_media":285,"parent":0,"menu_order":0,"comment_status":"closed","ping_status":"closed","template":"","meta":{"_acf_changed":false,"footnotes":""},"class_list":["post-1501","page","type-page","status-publish","has-post-thumbnail","hentry"],"acf":[],"yoast_head":"<!-- This site is optimized with the Yoast SEO plugin v25.9 - https:\/\/yoast.com\/wordpress\/plugins\/seo\/ -->\n<title>P\u00e5skefestival - Acta Region Tr\u00f8ndelag<\/title>\n<meta name=\"robots\" content=\"index, follow, max-snippet:-1, max-image-preview:large, max-video-preview:-1\" \/>\n<link rel=\"canonical\" href=\"https:\/\/acta.no\/trondelag\/paskefestival\/\" \/>\n<meta property=\"og:locale\" content=\"nb_NO\" \/>\n<meta property=\"og:type\" content=\"article\" \/>\n<meta property=\"og:title\" content=\"P\u00e5skefestival - Acta Region Tr\u00f8ndelag\" \/>\n<meta property=\"og:description\" content=\"Hvert \u00e5r reiser 60-80 ungdommer til IMI-St\u00f8len for \u00e5 delta p\u00e5 P\u00e5skefestival med Acta Tr\u00f8ndelag. Alderen er 8.-3.vgs. Det er et stort aldersspenn, men fungerer bra! Studenter som tilh\u00f8rer regionen stiller opp som ledere sammen med ansatte i Acta Tr\u00f8ndelag, for \u00e5 lage en fantastisk uke for ungdommen! Fem d\u00f8gn sammen fra l\u00f8rdag i den [&hellip;]\" \/>\n<meta property=\"og:url\" content=\"https:\/\/acta.no\/trondelag\/paskefestival\/\" \/>\n<meta property=\"og:site_name\" content=\"Acta Region Tr\u00f8ndelag\" \/>\n<meta property=\"article:modified_time\" content=\"2025-06-17T13:36:43+00:00\" \/>\n<meta property=\"og:image\" content=\"https:\/\/www.normisjon.no\/content\/uploads\/sites\/36\/2019\/01\/vinterferieleir.jpg\" \/>\n\t<meta property=\"og:image:width\" content=\"1280\" \/>\n\t<meta property=\"og:image:height\" content=\"850\" \/>\n\t<meta property=\"og:image:type\" content=\"image\/jpeg\" \/>\n<meta name=\"twitter:card\" content=\"summary_large_image\" \/>\n<meta name=\"twitter:label1\" content=\"Ansl. lesetid\" \/>\n\t<meta name=\"twitter:data1\" content=\"3 minutter\" \/>\n<script type=\"application\/ld+json\" class=\"yoast-schema-graph\">{\"@context\":\"https:\/\/schema.org\",\"@graph\":[{\"@type\":\"WebPage\",\"@id\":\"https:\/\/acta.no\/trondelag\/paskefestival\/\",\"url\":\"https:\/\/acta.no\/trondelag\/paskefestival\/\",\"name\":\"P\u00e5skefestival - Acta Region Tr\u00f8ndelag\",\"isPartOf\":{\"@id\":\"https:\/\/acta.no\/trondelag\/#website\"},\"primaryImageOfPage\":{\"@id\":\"https:\/\/acta.no\/trondelag\/paskefestival\/#primaryimage\"},\"image\":{\"@id\":\"https:\/\/acta.no\/trondelag\/paskefestival\/#primaryimage\"},\"thumbnailUrl\":\"https:\/\/www.normisjon.no\/content\/uploads\/sites\/36\/2019\/01\/vinterferieleir.jpg\",\"datePublished\":\"2025-06-17T13:36:42+00:00\",\"dateModified\":\"2025-06-17T13:36:43+00:00\",\"breadcrumb\":{\"@id\":\"https:\/\/acta.no\/trondelag\/paskefestival\/#breadcrumb\"},\"inLanguage\":\"nb-NO\",\"potentialAction\":[{\"@type\":\"ReadAction\",\"target\":[\"https:\/\/acta.no\/trondelag\/paskefestival\/\"]}]},{\"@type\":\"ImageObject\",\"inLanguage\":\"nb-NO\",\"@id\":\"https:\/\/acta.no\/trondelag\/paskefestival\/#primaryimage\",\"url\":\"https:\/\/www.normisjon.no\/content\/uploads\/sites\/36\/2019\/01\/vinterferieleir.jpg\",\"contentUrl\":\"https:\/\/www.normisjon.no\/content\/uploads\/sites\/36\/2019\/01\/vinterferieleir.jpg\",\"width\":1280,\"height\":850},{\"@type\":\"BreadcrumbList\",\"@id\":\"https:\/\/acta.no\/trondelag\/paskefestival\/#breadcrumb\",\"itemListElement\":[{\"@type\":\"ListItem\",\"position\":1,\"name\":\"Til acta.no\",\"item\":\"https:\/\/acta.no\/\"},{\"@type\":\"ListItem\",\"position\":2,\"name\":\"Region Tr\u00f8ndelag\",\"item\":\"https:\/\/acta.no\/trondelag\/\"},{\"@type\":\"ListItem\",\"position\":3,\"name\":\"P\u00e5skefestival\"}]},{\"@type\":\"WebSite\",\"@id\":\"https:\/\/acta.no\/trondelag\/#website\",\"url\":\"https:\/\/acta.no\/trondelag\/\",\"name\":\"Acta Region Tr\u00f8ndelag\",\"description\":\"Tr\u00f8ndelag\",\"potentialAction\":[{\"@type\":\"SearchAction\",\"target\":{\"@type\":\"EntryPoint\",\"urlTemplate\":\"https:\/\/acta.no\/trondelag\/?s={search_term_string}\"},\"query-input\":{\"@type\":\"PropertyValueSpecification\",\"valueRequired\":true,\"valueName\":\"search_term_string\"}}],\"inLanguage\":\"nb-NO\"}]}<\/script>\n<!-- \/ Yoast SEO plugin. -->","yoast_head_json":{"title":"P\u00e5skefestival - Acta Region Tr\u00f8ndelag","robots":{"index":"index","follow":"follow","max-snippet":"max-snippet:-1","max-image-preview":"max-image-preview:large","max-video-preview":"max-video-preview:-1"},"canonical":"https:\/\/acta.no\/trondelag\/paskefestival\/","og_locale":"nb_NO","og_type":"article","og_title":"P\u00e5skefestival - Acta Region Tr\u00f8ndelag","og_description":"Hvert \u00e5r reiser 60-80 ungdommer til IMI-St\u00f8len for \u00e5 delta p\u00e5 P\u00e5skefestival med Acta Tr\u00f8ndelag. Alderen er 8.-3.vgs. Det er et stort aldersspenn, men fungerer bra! Studenter som tilh\u00f8rer regionen stiller opp som ledere sammen med ansatte i Acta Tr\u00f8ndelag, for \u00e5 lage en fantastisk uke for ungdommen! Fem d\u00f8gn sammen fra l\u00f8rdag i den [&hellip;]","og_url":"https:\/\/acta.no\/trondelag\/paskefestival\/","og_site_name":"Acta Region Tr\u00f8ndelag","article_modified_time":"2025-06-17T13:36:43+00:00","og_image":[{"width":1280,"height":850,"url":"https:\/\/www.normisjon.no\/content\/uploads\/sites\/36\/2019\/01\/vinterferieleir.jpg","type":"image\/jpeg"}],"twitter_card":"summary_large_image","twitter_misc":{"Ansl. lesetid":"3 minutter"},"schema":{"@context":"https:\/\/schema.org","@graph":[{"@type":"WebPage","@id":"https:\/\/acta.no\/trondelag\/paskefestival\/","url":"https:\/\/acta.no\/trondelag\/paskefestival\/","name":"P\u00e5skefestival - Acta Region Tr\u00f8ndelag","isPartOf":{"@id":"https:\/\/acta.no\/trondelag\/#website"},"primaryImageOfPage":{"@id":"https:\/\/acta.no\/trondelag\/paskefestival\/#primaryimage"},"image":{"@id":"https:\/\/acta.no\/trondelag\/paskefestival\/#primaryimage"},"thumbnailUrl":"https:\/\/www.normisjon.no\/content\/uploads\/sites\/36\/2019\/01\/vinterferieleir.jpg","datePublished":"2025-06-17T13:36:42+00:00","dateModified":"2025-06-17T13:36:43+00:00","breadcrumb":{"@id":"https:\/\/acta.no\/trondelag\/paskefestival\/#breadcrumb"},"inLanguage":"nb-NO","potentialAction":[{"@type":"ReadAction","target":["https:\/\/acta.no\/trondelag\/paskefestival\/"]}]},{"@type":"ImageObject","inLanguage":"nb-NO","@id":"https:\/\/acta.no\/trondelag\/paskefestival\/#primaryimage","url":"https:\/\/www.normisjon.no\/content\/uploads\/sites\/36\/2019\/01\/vinterferieleir.jpg","contentUrl":"https:\/\/www.normisjon.no\/content\/uploads\/sites\/36\/2019\/01\/vinterferieleir.jpg","width":1280,"height":850},{"@type":"BreadcrumbList","@id":"https:\/\/acta.no\/trondelag\/paskefestival\/#breadcrumb","itemListElement":[{"@type":"ListItem","position":1,"name":"Til acta.no","item":"https:\/\/acta.no\/"},{"@type":"ListItem","position":2,"name":"Region Tr\u00f8ndelag","item":"https:\/\/acta.no\/trondelag\/"},{"@type":"ListItem","position":3,"name":"P\u00e5skefestival"}]},{"@type":"WebSite","@id":"https:\/\/acta.no\/trondelag\/#website","url":"https:\/\/acta.no\/trondelag\/","name":"Acta Region Tr\u00f8ndelag","description":"Tr\u00f8ndelag","potentialAction":[{"@type":"SearchAction","target":{"@type":"EntryPoint","urlTemplate":"https:\/\/acta.no\/trondelag\/?s={search_term_string}"},"query-input":{"@type":"PropertyValueSpecification","valueRequired":true,"valueName":"search_term_string"}}],"inLanguage":"nb-NO"}]}},"_links":{"self":[{"href":"https:\/\/acta.no\/trondelag\/wp-json\/wp\/v2\/pages\/1501","targetHints":{"allow":["GET"]}}],"collection":[{"href":"https:\/\/acta.no\/trondelag\/wp-json\/wp\/v2\/pages"}],"about":[{"href":"https:\/\/acta.no\/trondelag\/wp-json\/wp\/v2\/types\/page"}],"author":[{"embeddable":true,"href":"https:\/\/acta.no\/trondelag\/wp-json\/wp\/v2\/users\/130"}],"replies":[{"embeddable":true,"href":"https:\/\/acta.no\/trondelag\/wp-json\/wp\/v2\/comments?post=1501"}],"version-history":[{"count":2,"href":"https:\/\/acta.no\/trondelag\/wp-json\/wp\/v2\/pages\/1501\/revisions"}],"predecessor-version":[{"id":1507,"href":"https:\/\/acta.no\/trondelag\/wp-json\/wp\/v2\/pages\/1501\/revisions\/1507"}],"wp:featuredmedia":[{"embeddable":true,"href":"https:\/\/acta.no\/trondelag\/wp-json\/wp\/v2\/media\/285"}],"wp:attachment":[{"href":"https:\/\/acta.no\/trondelag\/wp-json\/wp\/v2\/media?parent=1501"}],"curies":[{"name":"wp","href":"https:\/\/api.w.org\/{rel}","templated":true}]}}