{"id":1126,"date":"2024-05-08T11:57:01","date_gmt":"2024-05-08T11:57:01","guid":{"rendered":"https:\/\/acta.no\/trondelag\/?page_id=1126"},"modified":"2026-04-11T08:28:02","modified_gmt":"2026-04-11T08:28:02","slug":"frilufts-leir-i-afjord","status":"publish","type":"page","link":"https:\/\/acta.no\/trondelag\/frilufts-leir-i-afjord\/","title":{"rendered":"Friluftsleir i \u00c5fjord"},"content":{"rendered":"<div class=\"gutenberg-content\">\n<p>6. &#8211; 9. august 2026<\/p>\n\n\n\n<figure class=\"wp-block-image size-large\"><img loading=\"lazy\" decoding=\"async\" width=\"1024\" height=\"685\" src=\"https:\/\/www.normisjon.no\/content\/uploads\/sites\/36\/2024\/05\/IMGP1436-1024x685.jpg\" alt=\"\" class=\"wp-image-1128\" srcset=\"https:\/\/www.normisjon.no\/content\/uploads\/sites\/36\/2024\/05\/IMGP1436-1024x685.jpg 1024w, https:\/\/www.normisjon.no\/content\/uploads\/sites\/36\/2024\/05\/IMGP1436-300x201.jpg 300w, https:\/\/www.normisjon.no\/content\/uploads\/sites\/36\/2024\/05\/IMGP1436-768x514.jpg 768w, https:\/\/www.normisjon.no\/content\/uploads\/sites\/36\/2024\/05\/IMGP1436-1536x1028.jpg 1536w, https:\/\/www.normisjon.no\/content\/uploads\/sites\/36\/2024\/05\/IMGP1436-2048x1371.jpg 2048w, https:\/\/www.normisjon.no\/content\/uploads\/sites\/36\/2024\/05\/IMGP1436-1920x1285.jpg 1920w, https:\/\/www.normisjon.no\/content\/uploads\/sites\/36\/2024\/05\/IMGP1436-1360x910.jpg 1360w, https:\/\/www.normisjon.no\/content\/uploads\/sites\/36\/2024\/05\/IMGP1436-960x643.jpg 960w\" sizes=\"auto, (max-width: 1024px) 100vw, 1024px\" \/><figcaption class=\"wp-element-caption\">Storvatnet i \u00c5fjord. Foto: Arne Hugdal<\/figcaption><\/figure>\n\n\n\n<p><strong>Friluftsleir i \u00c5fjord for 12-15 \u00e5r<\/strong><\/p>\n\n\n\n<p>Dette er den perfekte leir for deg som liker friluftsliv og masse uteaktiviteter blandet med lovsang og andakt rundt b\u00e5let, kors-samling i friluft- eller i ei gamme ved stranda.  Vi avslutter leiren med \u00e5 klatre \u00c5fjord via ferrata eller bade i bassenget p\u00e5 \u00c5 aktivitetshus!<\/p>\n\n\n\n<p>Nesten alt vi skal oppleve finner vi i naturen i S\u00f8rdalen. Kano-padling nedover elva og ut p\u00e5 Storvatnet, badetur og til fjellet for topptur og fisking. Det eneste som skjer utenfor S\u00f8rdalen er \u00c5fjord via ferrata\/\u00c5-badet. Det er naturlig \u00e5 avslutte leiren med Team-building i \u00c5fjord via Ferrata. Bading i \u00c5-badet er et alternativ for den som ikke vil klatre.<\/p>\n\n\n\n<p><strong>Hoved-camp:<\/strong><\/p>\n\n\n\n<p>Hoved-campen p\u00e5 neste leir blir mest trolig p\u00e5 S\u00f8rdalen bedehus, men der vil vi bare bare samles for middag og leir-start den dagen vi ankommer. <\/p>\n\n\n\n<p>Er v\u00e6ret godt, s\u00e5 drar vi allerede f\u00f8rste kvelden enten til fjells eller padler til en strand, der vi camper.<\/p>\n\n\n\n<figure class=\"wp-block-image size-large\"><img loading=\"lazy\" decoding=\"async\" width=\"768\" height=\"1024\" src=\"https:\/\/www.normisjon.no\/content\/uploads\/sites\/36\/2025\/10\/Messenger_creation_3DC792A8-242B-4B3C-AFB6-AB87B081FDCF-768x1024.jpeg\" alt=\"\" class=\"wp-image-1636\" srcset=\"https:\/\/www.normisjon.no\/content\/uploads\/sites\/36\/2025\/10\/Messenger_creation_3DC792A8-242B-4B3C-AFB6-AB87B081FDCF-768x1024.jpeg 768w, https:\/\/www.normisjon.no\/content\/uploads\/sites\/36\/2025\/10\/Messenger_creation_3DC792A8-242B-4B3C-AFB6-AB87B081FDCF-225x300.jpeg 225w, https:\/\/www.normisjon.no\/content\/uploads\/sites\/36\/2025\/10\/Messenger_creation_3DC792A8-242B-4B3C-AFB6-AB87B081FDCF-1152x1536.jpeg 1152w, https:\/\/www.normisjon.no\/content\/uploads\/sites\/36\/2025\/10\/Messenger_creation_3DC792A8-242B-4B3C-AFB6-AB87B081FDCF-1360x1813.jpeg 1360w, https:\/\/www.normisjon.no\/content\/uploads\/sites\/36\/2025\/10\/Messenger_creation_3DC792A8-242B-4B3C-AFB6-AB87B081FDCF-1440x1920.jpeg 1440w, https:\/\/www.normisjon.no\/content\/uploads\/sites\/36\/2025\/10\/Messenger_creation_3DC792A8-242B-4B3C-AFB6-AB87B081FDCF-720x960.jpeg 720w, https:\/\/www.normisjon.no\/content\/uploads\/sites\/36\/2025\/10\/Messenger_creation_3DC792A8-242B-4B3C-AFB6-AB87B081FDCF.jpeg 1536w\" sizes=\"auto, (max-width: 768px) 100vw, 768px\" \/><figcaption class=\"wp-element-caption\">Peter under frokosten ved Kvennavatnet<\/figcaption><\/figure>\n\n\n\n<p><strong>Sove ute i hengek\u00f8ye\/telt, fiske og samling rundt b\u00e5let:<\/strong><\/p>\n\n\n\n<p>Vi vil bruke det meste av tiden og m\u00e5ltider ute i naturen. V\u00e6ret vil bestemme litt, men vi satser p\u00e5 \u00e5 dra ut f\u00f8rste kveld.<\/p>\n\n\n\n<p>Det er mulig at vi holder oss til Storvatnet med strandliv, eller legger all tiden p\u00e5 fjellet med turer utfra campen med lavvoer og hengek\u00f8yer. Dette skaper st\u00f8rre ro og mulighet til \u00e5 utforske naturen og mulighetene rundt oss.<\/p>\n\n\n\n<p>Uansett vil vi legge inn god tid til fisking, lage b\u00e5l og kose oss. Vi overnatter i hengek\u00f8yer\/gamme el. under \u00e5pen himmel. Og det er flott \u00e5 bade i et fjellvatn eller i Storvatnet ved Karlaunstranda, lage mat p\u00e5 b\u00e5let (og steike egen fisket \u00f8rret!) og samles med lovsang og andakt utend\u00f8rs eller i en lavvo.<\/p>\n\n\n\n<p>Vi legger til en dag p\u00e5 denne leiren i \u00e5r, s\u00e5 det blir mer ro over alt vi vil oppleve.<\/p>\n\n\n\n<p>I \u00e5r hadde vi magiske dager med 21 grader og nydelige naturopplevelser!!<\/p>\n\n\n\n<p><strong>Kanopadling, sandvolleyball og bading:<\/strong><\/p>\n\n\n\n<p> Dersom vi legger inn oss kanoer, s\u00e5 padler vi elva nedover til Storvatnet og over til Karlaunstranda. Der blir det sandvolleyball, bading, grilling og samling rundt b\u00e5let. Vi avslutter med korssamling etter en lang dag ute og overnatter alle netter ute, dersom v\u00e6ret er ok.<\/p>\n\n\n\n<figure class=\"wp-block-image size-large\"><img loading=\"lazy\" decoding=\"async\" width=\"1024\" height=\"685\" src=\"https:\/\/www.normisjon.no\/content\/uploads\/sites\/36\/2024\/05\/IMGP1442-1024x685.jpg\" alt=\"\" class=\"wp-image-1129\" srcset=\"https:\/\/www.normisjon.no\/content\/uploads\/sites\/36\/2024\/05\/IMGP1442-1024x685.jpg 1024w, https:\/\/www.normisjon.no\/content\/uploads\/sites\/36\/2024\/05\/IMGP1442-300x201.jpg 300w, https:\/\/www.normisjon.no\/content\/uploads\/sites\/36\/2024\/05\/IMGP1442-768x514.jpg 768w, https:\/\/www.normisjon.no\/content\/uploads\/sites\/36\/2024\/05\/IMGP1442-1536x1028.jpg 1536w, https:\/\/www.normisjon.no\/content\/uploads\/sites\/36\/2024\/05\/IMGP1442-2048x1371.jpg 2048w, https:\/\/www.normisjon.no\/content\/uploads\/sites\/36\/2024\/05\/IMGP1442-1920x1285.jpg 1920w, https:\/\/www.normisjon.no\/content\/uploads\/sites\/36\/2024\/05\/IMGP1442-1360x910.jpg 1360w, https:\/\/www.normisjon.no\/content\/uploads\/sites\/36\/2024\/05\/IMGP1442-960x643.jpg 960w\" sizes=\"auto, (max-width: 1024px) 100vw, 1024px\" \/><figcaption class=\"wp-element-caption\">Karlaunstranda i \u00c5fjord. Foto: Arne Hugdal<\/figcaption><\/figure>\n\n\n\n<p><strong>Klatre \u00c5fjord via Ferrata eller late og lekne timer i \u00c5-badet.<\/strong><\/p>\n\n\n\n<p>S\u00f8ndag morgen pakker vi sekken og drar ned til \u00c5fjord sentrum. Har finner vi b\u00e5de \u00c5-badet med et nytt og fint badeanlegg, samt \u00c5fjord via Ferrata. <\/p>\n\n\n\n<p>Alle som melder seg p\u00e5 \u00c5fjord via ferrata i p\u00e5meldingen m\u00e5 ha med en egen godkjenning fra foreldre, &#8211; da barn kun klatrer sammen med voksne. Men vi blir mange ledere som klatrer, og egen guide. Dette er bratt og luftig, men med god sikkerhet. Det kan l\u00f8nne seg \u00e5 ha sko med godt feste, hansker er p\u00e5budt og kl\u00e6r etter v\u00e6ret. Turen tar 3-4 timer.<\/p>\n\n\n\n<p>Vi forh\u00e5ndsbestiller via-Ferrata. Les mer om det her:<\/p>\n\n\n\n<figure class=\"wp-block-embed is-type-wp-embed is-provider-fosen-aktiv wp-block-embed-fosen-aktiv\"><div class=\"wp-block-embed__wrapper\">\nhttps:\/\/fosenaktiv.no\/fosen-via-ferrata\n<\/div><\/figure>\n\n\n\n<figure class=\"wp-block-image size-large is-resized\"><img loading=\"lazy\" decoding=\"async\" width=\"768\" height=\"1024\" src=\"https:\/\/www.normisjon.no\/content\/uploads\/sites\/36\/2025\/10\/Messenger_creation_F3FB76DE-3737-4DF3-AA37-A4BFF6645DC9-768x1024.jpeg\" alt=\"\" class=\"wp-image-1635\" style=\"width:874px;height:auto\" srcset=\"https:\/\/www.normisjon.no\/content\/uploads\/sites\/36\/2025\/10\/Messenger_creation_F3FB76DE-3737-4DF3-AA37-A4BFF6645DC9-768x1024.jpeg 768w, https:\/\/www.normisjon.no\/content\/uploads\/sites\/36\/2025\/10\/Messenger_creation_F3FB76DE-3737-4DF3-AA37-A4BFF6645DC9-225x300.jpeg 225w, https:\/\/www.normisjon.no\/content\/uploads\/sites\/36\/2025\/10\/Messenger_creation_F3FB76DE-3737-4DF3-AA37-A4BFF6645DC9-1152x1536.jpeg 1152w, https:\/\/www.normisjon.no\/content\/uploads\/sites\/36\/2025\/10\/Messenger_creation_F3FB76DE-3737-4DF3-AA37-A4BFF6645DC9-1360x1813.jpeg 1360w, https:\/\/www.normisjon.no\/content\/uploads\/sites\/36\/2025\/10\/Messenger_creation_F3FB76DE-3737-4DF3-AA37-A4BFF6645DC9-1440x1920.jpeg 1440w, https:\/\/www.normisjon.no\/content\/uploads\/sites\/36\/2025\/10\/Messenger_creation_F3FB76DE-3737-4DF3-AA37-A4BFF6645DC9-720x960.jpeg 720w, https:\/\/www.normisjon.no\/content\/uploads\/sites\/36\/2025\/10\/Messenger_creation_F3FB76DE-3737-4DF3-AA37-A4BFF6645DC9.jpeg 1536w\" sizes=\"auto, (max-width: 768px) 100vw, 768px\" \/><figcaption class=\"wp-element-caption\">Ingeborg i fjellveggen p\u00e5 Fosen via ferrata i \u00e5r<\/figcaption><\/figure>\n\n\n\n<p>For de som ikke velger \u00e5 klatre, s\u00e5 blir det sv\u00f8mming i \u00c5-badet. <\/p>\n\n\n\n<p><strong>Ta med deg: hengek\u00f8ye m\/ myggnetting el. telt, ligge underlag, sovepose, god tursekk, fiskestang og badet\u00f8y- i tillegg til den vanlige pakkelista til leir.&nbsp;<\/strong>(Den kommer med leir-brevet noen dager f\u00f8r leiren)<\/p>\n\n\n\n<p>Vi har med oss fjellvante ledere, som vil l\u00e6re deg \u00e5 lage b\u00e5l, fiske, padle og pakke sekken rett &#8211; om dette er nytt for deg.<\/p>\n\n\n\n<p><strong>Enkelt \u00e5 reise fra Trondheim og Fosen<\/strong><strong>:<\/strong><\/p>\n\n\n\n<p>Det er gode og rimelige buss muligheter fra Trondheim og Fosen.&nbsp; &nbsp; &nbsp; &nbsp; &nbsp; &nbsp; &nbsp; &nbsp; &nbsp; &nbsp; &nbsp; &nbsp; &nbsp; &nbsp; &nbsp; &nbsp; &nbsp; &nbsp; &nbsp; &nbsp; &nbsp; &nbsp; &nbsp; &nbsp; &nbsp; &nbsp; &nbsp; &nbsp; &nbsp; &nbsp; &nbsp; &nbsp; &nbsp;<\/p>\n\n\n\n<p> <strong>En billett for barn (opp til 19 \u00e5r) koster 65,-<\/strong> Du kan ogs\u00e5 ta med egen sykkel for 65,- (i tillegg). Vi henter og bringer fra bussen etter behov.<\/p>\n\n\n\n<p>S\u00f8ndag g\u00e5r bussen fra \u00c5fjord sentrum (Skysstasjonen) kl. 19.10 og kj\u00f8rer direkte til Trondheim. Men den ankommer ikke Trondheim S f\u00f8r 21.23 og Dronningensgate 21.13. Vi vil nok v\u00e6re ferdig med klatring og basseng 17.00-tiden, slik at det er mulig \u00e5 hente i \u00c5fjord sentrum, etter pizza og avslutning.<\/p>\n\n\n\n<p>F\u00e5 med deg venner og meld deg p\u00e5 aktive dager i \u00c5fjord. <\/p>\n\n\n\n<p>Leiren legges ut p\u00e5 v\u00e5re nettsider for p\u00e5melding i l\u00f8pet av mai. https:\/\/acta.no\/trondelag\/leirer-og-arrangement\/<\/p>\n\n\n\n<p>S\u00e5 f\u00f8lg med og meld deg p\u00e5.<\/p>\n\n\n\n<p><\/p>\n<\/div>","protected":false},"excerpt":{"rendered":"<p>6. &#8211; 9. august 2026 Friluftsleir i \u00c5fjord for 12-15 \u00e5r Dette er den perfekte leir for deg som liker friluftsliv og masse uteaktiviteter blandet med lovsang og andakt rundt b\u00e5let, kors-samling i friluft- eller i ei gamme ved stranda. Vi avslutter leiren med \u00e5 klatre \u00c5fjord via ferrata eller bade i bassenget p\u00e5 \u00c5 [&hellip;]<\/p>\n","protected":false},"author":130,"featured_media":1637,"parent":0,"menu_order":0,"comment_status":"closed","ping_status":"closed","template":"","meta":{"_acf_changed":false,"footnotes":""},"class_list":["post-1126","page","type-page","status-publish","has-post-thumbnail","hentry"],"acf":[],"yoast_head":"<!-- This site is optimized with the Yoast SEO plugin v25.9 - https:\/\/yoast.com\/wordpress\/plugins\/seo\/ -->\n<title>Friluftsleir i \u00c5fjord - Acta Region Tr\u00f8ndelag<\/title>\n<meta name=\"robots\" content=\"index, follow, max-snippet:-1, max-image-preview:large, max-video-preview:-1\" \/>\n<link rel=\"canonical\" href=\"https:\/\/acta.no\/trondelag\/frilufts-leir-i-afjord\/\" \/>\n<meta property=\"og:locale\" content=\"nb_NO\" \/>\n<meta property=\"og:type\" content=\"article\" \/>\n<meta property=\"og:title\" content=\"Friluftsleir i \u00c5fjord - Acta Region Tr\u00f8ndelag\" \/>\n<meta property=\"og:description\" content=\"6. &#8211; 9. august 2026 Friluftsleir i \u00c5fjord for 12-15 \u00e5r Dette er den perfekte leir for deg som liker friluftsliv og masse uteaktiviteter blandet med lovsang og andakt rundt b\u00e5let, kors-samling i friluft- eller i ei gamme ved stranda. Vi avslutter leiren med \u00e5 klatre \u00c5fjord via ferrata eller bade i bassenget p\u00e5 \u00c5 [&hellip;]\" \/>\n<meta property=\"og:url\" content=\"https:\/\/acta.no\/trondelag\/frilufts-leir-i-afjord\/\" \/>\n<meta property=\"og:site_name\" content=\"Acta Region Tr\u00f8ndelag\" \/>\n<meta property=\"article:modified_time\" content=\"2026-04-11T08:28:02+00:00\" \/>\n<meta property=\"og:image\" content=\"https:\/\/www.normisjon.no\/content\/uploads\/sites\/36\/2025\/10\/Messenger_creation_78C73241-2E51-4EE8-AFF8-7F3DF05ACF81.jpeg\" \/>\n\t<meta property=\"og:image:width\" content=\"1536\" \/>\n\t<meta property=\"og:image:height\" content=\"2048\" \/>\n\t<meta property=\"og:image:type\" content=\"image\/jpeg\" \/>\n<meta name=\"twitter:card\" content=\"summary_large_image\" \/>\n<meta name=\"twitter:label1\" content=\"Ansl. lesetid\" \/>\n\t<meta name=\"twitter:data1\" content=\"5 minutter\" \/>\n<script type=\"application\/ld+json\" class=\"yoast-schema-graph\">{\"@context\":\"https:\/\/schema.org\",\"@graph\":[{\"@type\":\"WebPage\",\"@id\":\"https:\/\/acta.no\/trondelag\/frilufts-leir-i-afjord\/\",\"url\":\"https:\/\/acta.no\/trondelag\/frilufts-leir-i-afjord\/\",\"name\":\"Friluftsleir i \u00c5fjord - Acta Region Tr\u00f8ndelag\",\"isPartOf\":{\"@id\":\"https:\/\/acta.no\/trondelag\/#website\"},\"primaryImageOfPage\":{\"@id\":\"https:\/\/acta.no\/trondelag\/frilufts-leir-i-afjord\/#primaryimage\"},\"image\":{\"@id\":\"https:\/\/acta.no\/trondelag\/frilufts-leir-i-afjord\/#primaryimage\"},\"thumbnailUrl\":\"https:\/\/www.normisjon.no\/content\/uploads\/sites\/36\/2025\/10\/Messenger_creation_78C73241-2E51-4EE8-AFF8-7F3DF05ACF81.jpeg\",\"datePublished\":\"2024-05-08T11:57:01+00:00\",\"dateModified\":\"2026-04-11T08:28:02+00:00\",\"breadcrumb\":{\"@id\":\"https:\/\/acta.no\/trondelag\/frilufts-leir-i-afjord\/#breadcrumb\"},\"inLanguage\":\"nb-NO\",\"potentialAction\":[{\"@type\":\"ReadAction\",\"target\":[\"https:\/\/acta.no\/trondelag\/frilufts-leir-i-afjord\/\"]}]},{\"@type\":\"ImageObject\",\"inLanguage\":\"nb-NO\",\"@id\":\"https:\/\/acta.no\/trondelag\/frilufts-leir-i-afjord\/#primaryimage\",\"url\":\"https:\/\/www.normisjon.no\/content\/uploads\/sites\/36\/2025\/10\/Messenger_creation_78C73241-2E51-4EE8-AFF8-7F3DF05ACF81.jpeg\",\"contentUrl\":\"https:\/\/www.normisjon.no\/content\/uploads\/sites\/36\/2025\/10\/Messenger_creation_78C73241-2E51-4EE8-AFF8-7F3DF05ACF81.jpeg\",\"width\":1536,\"height\":2048},{\"@type\":\"BreadcrumbList\",\"@id\":\"https:\/\/acta.no\/trondelag\/frilufts-leir-i-afjord\/#breadcrumb\",\"itemListElement\":[{\"@type\":\"ListItem\",\"position\":1,\"name\":\"Til acta.no\",\"item\":\"https:\/\/acta.no\/\"},{\"@type\":\"ListItem\",\"position\":2,\"name\":\"Region Tr\u00f8ndelag\",\"item\":\"https:\/\/acta.no\/trondelag\/\"},{\"@type\":\"ListItem\",\"position\":3,\"name\":\"Friluftsleir i \u00c5fjord\"}]},{\"@type\":\"WebSite\",\"@id\":\"https:\/\/acta.no\/trondelag\/#website\",\"url\":\"https:\/\/acta.no\/trondelag\/\",\"name\":\"Acta Region Tr\u00f8ndelag\",\"description\":\"Tr\u00f8ndelag\",\"potentialAction\":[{\"@type\":\"SearchAction\",\"target\":{\"@type\":\"EntryPoint\",\"urlTemplate\":\"https:\/\/acta.no\/trondelag\/?s={search_term_string}\"},\"query-input\":{\"@type\":\"PropertyValueSpecification\",\"valueRequired\":true,\"valueName\":\"search_term_string\"}}],\"inLanguage\":\"nb-NO\"}]}<\/script>\n<!-- \/ Yoast SEO plugin. -->","yoast_head_json":{"title":"Friluftsleir i \u00c5fjord - Acta Region Tr\u00f8ndelag","robots":{"index":"index","follow":"follow","max-snippet":"max-snippet:-1","max-image-preview":"max-image-preview:large","max-video-preview":"max-video-preview:-1"},"canonical":"https:\/\/acta.no\/trondelag\/frilufts-leir-i-afjord\/","og_locale":"nb_NO","og_type":"article","og_title":"Friluftsleir i \u00c5fjord - Acta Region Tr\u00f8ndelag","og_description":"6. &#8211; 9. august 2026 Friluftsleir i \u00c5fjord for 12-15 \u00e5r Dette er den perfekte leir for deg som liker friluftsliv og masse uteaktiviteter blandet med lovsang og andakt rundt b\u00e5let, kors-samling i friluft- eller i ei gamme ved stranda. Vi avslutter leiren med \u00e5 klatre \u00c5fjord via ferrata eller bade i bassenget p\u00e5 \u00c5 [&hellip;]","og_url":"https:\/\/acta.no\/trondelag\/frilufts-leir-i-afjord\/","og_site_name":"Acta Region Tr\u00f8ndelag","article_modified_time":"2026-04-11T08:28:02+00:00","og_image":[{"width":1536,"height":2048,"url":"https:\/\/www.normisjon.no\/content\/uploads\/sites\/36\/2025\/10\/Messenger_creation_78C73241-2E51-4EE8-AFF8-7F3DF05ACF81.jpeg","type":"image\/jpeg"}],"twitter_card":"summary_large_image","twitter_misc":{"Ansl. lesetid":"5 minutter"},"schema":{"@context":"https:\/\/schema.org","@graph":[{"@type":"WebPage","@id":"https:\/\/acta.no\/trondelag\/frilufts-leir-i-afjord\/","url":"https:\/\/acta.no\/trondelag\/frilufts-leir-i-afjord\/","name":"Friluftsleir i \u00c5fjord - Acta Region Tr\u00f8ndelag","isPartOf":{"@id":"https:\/\/acta.no\/trondelag\/#website"},"primaryImageOfPage":{"@id":"https:\/\/acta.no\/trondelag\/frilufts-leir-i-afjord\/#primaryimage"},"image":{"@id":"https:\/\/acta.no\/trondelag\/frilufts-leir-i-afjord\/#primaryimage"},"thumbnailUrl":"https:\/\/www.normisjon.no\/content\/uploads\/sites\/36\/2025\/10\/Messenger_creation_78C73241-2E51-4EE8-AFF8-7F3DF05ACF81.jpeg","datePublished":"2024-05-08T11:57:01+00:00","dateModified":"2026-04-11T08:28:02+00:00","breadcrumb":{"@id":"https:\/\/acta.no\/trondelag\/frilufts-leir-i-afjord\/#breadcrumb"},"inLanguage":"nb-NO","potentialAction":[{"@type":"ReadAction","target":["https:\/\/acta.no\/trondelag\/frilufts-leir-i-afjord\/"]}]},{"@type":"ImageObject","inLanguage":"nb-NO","@id":"https:\/\/acta.no\/trondelag\/frilufts-leir-i-afjord\/#primaryimage","url":"https:\/\/www.normisjon.no\/content\/uploads\/sites\/36\/2025\/10\/Messenger_creation_78C73241-2E51-4EE8-AFF8-7F3DF05ACF81.jpeg","contentUrl":"https:\/\/www.normisjon.no\/content\/uploads\/sites\/36\/2025\/10\/Messenger_creation_78C73241-2E51-4EE8-AFF8-7F3DF05ACF81.jpeg","width":1536,"height":2048},{"@type":"BreadcrumbList","@id":"https:\/\/acta.no\/trondelag\/frilufts-leir-i-afjord\/#breadcrumb","itemListElement":[{"@type":"ListItem","position":1,"name":"Til acta.no","item":"https:\/\/acta.no\/"},{"@type":"ListItem","position":2,"name":"Region Tr\u00f8ndelag","item":"https:\/\/acta.no\/trondelag\/"},{"@type":"ListItem","position":3,"name":"Friluftsleir i \u00c5fjord"}]},{"@type":"WebSite","@id":"https:\/\/acta.no\/trondelag\/#website","url":"https:\/\/acta.no\/trondelag\/","name":"Acta Region Tr\u00f8ndelag","description":"Tr\u00f8ndelag","potentialAction":[{"@type":"SearchAction","target":{"@type":"EntryPoint","urlTemplate":"https:\/\/acta.no\/trondelag\/?s={search_term_string}"},"query-input":{"@type":"PropertyValueSpecification","valueRequired":true,"valueName":"search_term_string"}}],"inLanguage":"nb-NO"}]}},"_links":{"self":[{"href":"https:\/\/acta.no\/trondelag\/wp-json\/wp\/v2\/pages\/1126","targetHints":{"allow":["GET"]}}],"collection":[{"href":"https:\/\/acta.no\/trondelag\/wp-json\/wp\/v2\/pages"}],"about":[{"href":"https:\/\/acta.no\/trondelag\/wp-json\/wp\/v2\/types\/page"}],"author":[{"embeddable":true,"href":"https:\/\/acta.no\/trondelag\/wp-json\/wp\/v2\/users\/130"}],"replies":[{"embeddable":true,"href":"https:\/\/acta.no\/trondelag\/wp-json\/wp\/v2\/comments?post=1126"}],"version-history":[{"count":13,"href":"https:\/\/acta.no\/trondelag\/wp-json\/wp\/v2\/pages\/1126\/revisions"}],"predecessor-version":[{"id":1752,"href":"https:\/\/acta.no\/trondelag\/wp-json\/wp\/v2\/pages\/1126\/revisions\/1752"}],"wp:featuredmedia":[{"embeddable":true,"href":"https:\/\/acta.no\/trondelag\/wp-json\/wp\/v2\/media\/1637"}],"wp:attachment":[{"href":"https:\/\/acta.no\/trondelag\/wp-json\/wp\/v2\/media?parent=1126"}],"curies":[{"name":"wp","href":"https:\/\/api.w.org\/{rel}","templated":true}]}}