{"id":29,"date":"2019-01-28T11:39:53","date_gmt":"2019-01-28T11:39:53","guid":{"rendered":"http:\/\/acta.no\/agder\/?page_id=29"},"modified":"2026-04-29T08:48:25","modified_gmt":"2026-04-29T08:48:25","slug":"kalender","status":"publish","type":"page","link":"https:\/\/acta.no\/agder\/kalender\/","title":{"rendered":"Kalender"},"content":{"rendered":"<div class=\"gutenberg-content\">\n<figure class=\"wp-block-image size-full\"><img decoding=\"async\" src=\"https:\/\/www.normisjon.no\/content\/uploads\/sites\/27\/2026\/04\/ACTA-AGDER-KALENDERhost26.png\" alt=\"\" class=\"wp-image-1732\"\/><\/figure>\n\n\n\n<p>Her f\u00e5r du oversikt over leirer, kurs og happenings fra <a href=\"http:\/\/www.acta.no\/agder\/\">Acta Agder<\/a> og <a href=\"http:\/\/www.acta.no\/\">Acta sentralt<\/a>.<\/p>\n\n\n\n<p class=\"has-text-align-center\">ACTA AGDER KALENDER H\u00d8ST 2026<\/p>\n\n\n\n<div class=\"wp-block-buttons is-layout-flex wp-block-buttons-is-layout-flex\">\n<div class=\"wp-block-button has-custom-width wp-block-button__width-100\"><a class=\"wp-block-button__link has-text-align-center wp-element-button\" href=\"https:\/\/www.normisjon.no\/content\/uploads\/sites\/27\/2026\/04\/ACTA-AGDER-KALENDERhost26.pdf\">Last ned<\/a><\/div>\n<\/div>\n\n\n\n<div style=\"height:100px\" aria-hidden=\"true\" class=\"wp-block-spacer\"><\/div>\n\n\n\n<figure class=\"wp-block-image size-large\"><img loading=\"lazy\" decoding=\"async\" width=\"1024\" height=\"724\" src=\"https:\/\/www.normisjon.no\/content\/uploads\/sites\/27\/2026\/04\/UMBRACO-ACTA-AGDER-KALENDERhost26-1024x724.png\" alt=\"\" class=\"wp-image-1733\" srcset=\"https:\/\/www.normisjon.no\/content\/uploads\/sites\/27\/2026\/04\/UMBRACO-ACTA-AGDER-KALENDERhost26-1024x724.png 1024w, https:\/\/www.normisjon.no\/content\/uploads\/sites\/27\/2026\/04\/UMBRACO-ACTA-AGDER-KALENDERhost26-300x212.png 300w, https:\/\/www.normisjon.no\/content\/uploads\/sites\/27\/2026\/04\/UMBRACO-ACTA-AGDER-KALENDERhost26-768x543.png 768w, https:\/\/www.normisjon.no\/content\/uploads\/sites\/27\/2026\/04\/UMBRACO-ACTA-AGDER-KALENDERhost26-1536x1086.png 1536w, https:\/\/www.normisjon.no\/content\/uploads\/sites\/27\/2026\/04\/UMBRACO-ACTA-AGDER-KALENDERhost26-2048x1448.png 2048w, https:\/\/www.normisjon.no\/content\/uploads\/sites\/27\/2026\/04\/UMBRACO-ACTA-AGDER-KALENDERhost26-1920x1358.png 1920w, https:\/\/www.normisjon.no\/content\/uploads\/sites\/27\/2026\/04\/UMBRACO-ACTA-AGDER-KALENDERhost26-1360x962.png 1360w, https:\/\/www.normisjon.no\/content\/uploads\/sites\/27\/2026\/04\/UMBRACO-ACTA-AGDER-KALENDERhost26-960x679.png 960w\" sizes=\"auto, (max-width: 1024px) 100vw, 1024px\" \/><\/figure>\n\n\n\n<div class=\"wp-block-buttons is-layout-flex wp-block-buttons-is-layout-flex\">\n<div class=\"wp-block-button has-custom-width wp-block-button__width-100\"><a class=\"wp-block-button__link wp-element-button\" href=\"https:\/\/www.normisjon.no\/content\/uploads\/sites\/27\/2026\/04\/UMBRACO-ACTA-AGDER-KALENDERhost26-scaled.png\">Last ned<\/a><\/div>\n<\/div>\n\n\n\n<p><\/p>\n<\/div><div id=\"module-0\" class=\"hogan-module hogan-module-grid hogan-module-0\"><div class=\"hogan-module-inner\"><div class=\"hogan-grid hogan-grid-text-center hogan-grid-size-dynamic\">\n\t<div class=\"hogan-grid-inner\">\n\t\t\t\t\t<div class=\"hogan-grid-item hogan-grid-item-size-small hogan-grid-item-type-post savage-has-image savage-has-heading savage-has-excerpt savage-has-teaser\">\n\t\t\t\t<div class=\"hogan-grid-item-inner\">\n\t\t\t\t\t<div class=\"savage-card-image\">\n\t<div class=\"savage-card-image-inner\">\n\t\t<span class=\"savage-card-image-image\" style=\"background-image: url(https:\/\/www.normisjon.no\/content\/uploads\/sites\/27\/2022\/12\/Santi-e1670490985736-768x560.jpg);\"><\/span>\t<\/div>\n<\/div>\n\t\t<div class=\"savage-card-body\">\n\t\t\t<div class=\"savage-card-body-inner\">\n\t\t\t\t<h2 class=\"savage-card-heading\">Leir p\u00e5 en dag<\/h2><p class=\"savage-card-excerpt\">Vi arrangerer en smakebit p\u00e5 leir. Vil du bli med? <\/p><p class=\"savage-card-teaser\">Les mer<\/p>\t\t\t<\/div>\n\t\t<\/div>\n\t\t<a href=\"https:\/\/acta.no\/agder\/2022\/12\/08\/leir-pa-en-dag\/\" class=\"savage-card-link\"><span class=\"screen-reader-text\">Read article &quot;Leir p\u00e5 en dag&quot;<\/span><\/a>\t\t\t\t<\/div>\n\t\t\t<\/div>\n\t\t\t\t\t\t<div class=\"hogan-grid-item hogan-grid-item-size-small hogan-grid-item-type-page savage-has-image savage-has-heading savage-has-excerpt savage-has-teaser\">\n\t\t\t\t<div class=\"hogan-grid-item-inner\">\n\t\t\t\t\t<div class=\"savage-card-image\">\n\t<div class=\"savage-card-image-inner\">\n\t\t<span class=\"savage-card-image-image\" style=\"background-image: url(https:\/\/www.normisjon.no\/content\/uploads\/sites\/27\/2020\/05\/leirbilde-768x432.jpg);\"><\/span>\t<\/div>\n<\/div>\n\t\t<div class=\"savage-card-body\">\n\t\t\t<div class=\"savage-card-body-inner\">\n\t\t\t\t<h2 class=\"savage-card-heading\">Leirklubben<\/h2><p class=\"savage-card-excerpt\">Meld deg inn i v\u00e5r leirklubb og f\u00e5 rabatter p\u00e5 leir!<\/p><p class=\"savage-card-teaser\">Les mer<\/p>\t\t\t<\/div>\n\t\t<\/div>\n\t\t<a href=\"https:\/\/acta.no\/agder\/leirklubben\/\" class=\"savage-card-link\"><span class=\"screen-reader-text\">Read article &quot;Leirklubben&quot;<\/span><\/a>\t\t\t\t<\/div>\n\t\t\t<\/div>\n\t\t\t\t\t\t<div class=\"hogan-grid-item hogan-grid-item-size-small hogan-grid-item-type-post savage-has-image savage-has-heading savage-has-excerpt savage-has-teaser\">\n\t\t\t\t<div class=\"hogan-grid-item-inner\">\n\t\t\t\t\t<div class=\"savage-card-image\">\n\t<div class=\"savage-card-image-inner\">\n\t\t<span class=\"savage-card-image-image\" style=\"background-image: url(https:\/\/www.normisjon.no\/content\/uploads\/sites\/27\/2022\/01\/Unbrakon\u00f8kkel-768x768.jpeg);\"><\/span>\t<\/div>\n<\/div>\n\t\t<div class=\"savage-card-body\">\n\t\t\t<div class=\"savage-card-body-inner\">\n\t\t\t\t<h2 class=\"savage-card-heading\">Acta Umbraco<\/h2><p class=\"savage-card-excerpt\">Region Agders ledertrening for ungdom <\/p><p class=\"savage-card-teaser\">Les mer <\/p>\t\t\t<\/div>\n\t\t<\/div>\n\t\t<a href=\"https:\/\/acta.no\/agder\/2022\/01\/28\/acta-umbraco\/\" class=\"savage-card-link\"><span class=\"screen-reader-text\">Read article &quot;ACTA UMBRACO&quot;<\/span><\/a>\t\t\t\t<\/div>\n\t\t\t<\/div>\n\t\t\t\t<\/div>\n<\/div>\n<\/div><\/div>","protected":false},"excerpt":{"rendered":"<p>Her f\u00e5r du oversikt over leirer, kurs og happenings fra Acta Agder og Acta sentralt. ACTA AGDER KALENDER H\u00d8ST 2026 Leir p\u00e5 en dag Vi arrangerer en smakebit p\u00e5 leir. Vil du bli med? Les mer Read article &quot;Leir p\u00e5 en dag&quot; Leirklubben Meld deg inn i v\u00e5r leirklubb og f\u00e5 rabatter p\u00e5 leir! Les [&hellip;]<\/p>\n","protected":false},"author":108,"featured_media":364,"parent":0,"menu_order":0,"comment_status":"closed","ping_status":"closed","template":"","meta":{"_acf_changed":false,"footnotes":""},"class_list":["post-29","page","type-page","status-publish","has-post-thumbnail","hentry"],"acf":[],"yoast_head":"<!-- This site is optimized with the Yoast SEO plugin v25.9 - https:\/\/yoast.com\/wordpress\/plugins\/seo\/ -->\n<title>Kalender - Acta Region Agder<\/title>\n<meta name=\"robots\" content=\"index, follow, max-snippet:-1, max-image-preview:large, max-video-preview:-1\" \/>\n<link rel=\"canonical\" href=\"https:\/\/acta.no\/agder\/kalender\/\" \/>\n<meta property=\"og:locale\" content=\"nb_NO\" \/>\n<meta property=\"og:type\" content=\"article\" \/>\n<meta property=\"og:title\" content=\"Kalender - Acta Region Agder\" \/>\n<meta property=\"og:description\" content=\"Her f\u00e5r du oversikt over leirer, kurs og happenings fra Acta Agder og Acta sentralt. ACTA AGDER KALENDER H\u00d8ST 2026 Leir p\u00e5 en dagVi arrangerer en smakebit p\u00e5 leir. Vil du bli med? Les mer Read article &quot;Leir p\u00e5 en dag&quot; LeirklubbenMeld deg inn i v\u00e5r leirklubb og f\u00e5 rabatter p\u00e5 leir!Les mer Read article [&hellip;]\" \/>\n<meta property=\"og:url\" content=\"https:\/\/acta.no\/agder\/kalender\/\" \/>\n<meta property=\"og:site_name\" content=\"Acta Region Agder\" \/>\n<meta property=\"article:modified_time\" content=\"2026-04-29T08:48:25+00:00\" \/>\n<meta property=\"og:image\" content=\"https:\/\/www.normisjon.no\/content\/uploads\/sites\/27\/2022\/05\/leirskogtun.jpg\" \/>\n\t<meta property=\"og:image:width\" content=\"1440\" \/>\n\t<meta property=\"og:image:height\" content=\"1800\" \/>\n\t<meta property=\"og:image:type\" content=\"image\/jpeg\" \/>\n<meta name=\"twitter:card\" content=\"summary_large_image\" \/>\n<meta name=\"twitter:label1\" content=\"Ansl. lesetid\" \/>\n\t<meta name=\"twitter:data1\" content=\"1 minutt\" \/>\n<script type=\"application\/ld+json\" class=\"yoast-schema-graph\">{\"@context\":\"https:\/\/schema.org\",\"@graph\":[{\"@type\":\"WebPage\",\"@id\":\"https:\/\/acta.no\/agder\/kalender\/\",\"url\":\"https:\/\/acta.no\/agder\/kalender\/\",\"name\":\"Kalender - Acta Region Agder\",\"isPartOf\":{\"@id\":\"https:\/\/acta.no\/agder\/#website\"},\"primaryImageOfPage\":{\"@id\":\"https:\/\/acta.no\/agder\/kalender\/#primaryimage\"},\"image\":{\"@id\":\"https:\/\/acta.no\/agder\/kalender\/#primaryimage\"},\"thumbnailUrl\":\"https:\/\/www.normisjon.no\/content\/uploads\/sites\/27\/2022\/05\/leirskogtun.jpg\",\"datePublished\":\"2019-01-28T11:39:53+00:00\",\"dateModified\":\"2026-04-29T08:48:25+00:00\",\"breadcrumb\":{\"@id\":\"https:\/\/acta.no\/agder\/kalender\/#breadcrumb\"},\"inLanguage\":\"nb-NO\",\"potentialAction\":[{\"@type\":\"ReadAction\",\"target\":[\"https:\/\/acta.no\/agder\/kalender\/\"]}]},{\"@type\":\"ImageObject\",\"inLanguage\":\"nb-NO\",\"@id\":\"https:\/\/acta.no\/agder\/kalender\/#primaryimage\",\"url\":\"https:\/\/www.normisjon.no\/content\/uploads\/sites\/27\/2022\/05\/leirskogtun.jpg\",\"contentUrl\":\"https:\/\/www.normisjon.no\/content\/uploads\/sites\/27\/2022\/05\/leirskogtun.jpg\",\"width\":1440,\"height\":1800,\"caption\":\"Gutter p\u00e5 leir\"},{\"@type\":\"BreadcrumbList\",\"@id\":\"https:\/\/acta.no\/agder\/kalender\/#breadcrumb\",\"itemListElement\":[{\"@type\":\"ListItem\",\"position\":1,\"name\":\"Til acta.no\",\"item\":\"https:\/\/acta.no\/\"},{\"@type\":\"ListItem\",\"position\":2,\"name\":\"Region Agder\",\"item\":\"https:\/\/acta.no\/agder\/\"},{\"@type\":\"ListItem\",\"position\":3,\"name\":\"Kalender\"}]},{\"@type\":\"WebSite\",\"@id\":\"https:\/\/acta.no\/agder\/#website\",\"url\":\"https:\/\/acta.no\/agder\/\",\"name\":\"Acta Region Agder\",\"description\":\"Agder\",\"potentialAction\":[{\"@type\":\"SearchAction\",\"target\":{\"@type\":\"EntryPoint\",\"urlTemplate\":\"https:\/\/acta.no\/agder\/?s={search_term_string}\"},\"query-input\":{\"@type\":\"PropertyValueSpecification\",\"valueRequired\":true,\"valueName\":\"search_term_string\"}}],\"inLanguage\":\"nb-NO\"}]}<\/script>\n<!-- \/ Yoast SEO plugin. -->","yoast_head_json":{"title":"Kalender - Acta Region Agder","robots":{"index":"index","follow":"follow","max-snippet":"max-snippet:-1","max-image-preview":"max-image-preview:large","max-video-preview":"max-video-preview:-1"},"canonical":"https:\/\/acta.no\/agder\/kalender\/","og_locale":"nb_NO","og_type":"article","og_title":"Kalender - Acta Region Agder","og_description":"Her f\u00e5r du oversikt over leirer, kurs og happenings fra Acta Agder og Acta sentralt. ACTA AGDER KALENDER H\u00d8ST 2026 Leir p\u00e5 en dagVi arrangerer en smakebit p\u00e5 leir. Vil du bli med? Les mer Read article &quot;Leir p\u00e5 en dag&quot; LeirklubbenMeld deg inn i v\u00e5r leirklubb og f\u00e5 rabatter p\u00e5 leir!Les mer Read article [&hellip;]","og_url":"https:\/\/acta.no\/agder\/kalender\/","og_site_name":"Acta Region Agder","article_modified_time":"2026-04-29T08:48:25+00:00","og_image":[{"width":1440,"height":1800,"url":"https:\/\/www.normisjon.no\/content\/uploads\/sites\/27\/2022\/05\/leirskogtun.jpg","type":"image\/jpeg"}],"twitter_card":"summary_large_image","twitter_misc":{"Ansl. lesetid":"1 minutt"},"schema":{"@context":"https:\/\/schema.org","@graph":[{"@type":"WebPage","@id":"https:\/\/acta.no\/agder\/kalender\/","url":"https:\/\/acta.no\/agder\/kalender\/","name":"Kalender - Acta Region Agder","isPartOf":{"@id":"https:\/\/acta.no\/agder\/#website"},"primaryImageOfPage":{"@id":"https:\/\/acta.no\/agder\/kalender\/#primaryimage"},"image":{"@id":"https:\/\/acta.no\/agder\/kalender\/#primaryimage"},"thumbnailUrl":"https:\/\/www.normisjon.no\/content\/uploads\/sites\/27\/2022\/05\/leirskogtun.jpg","datePublished":"2019-01-28T11:39:53+00:00","dateModified":"2026-04-29T08:48:25+00:00","breadcrumb":{"@id":"https:\/\/acta.no\/agder\/kalender\/#breadcrumb"},"inLanguage":"nb-NO","potentialAction":[{"@type":"ReadAction","target":["https:\/\/acta.no\/agder\/kalender\/"]}]},{"@type":"ImageObject","inLanguage":"nb-NO","@id":"https:\/\/acta.no\/agder\/kalender\/#primaryimage","url":"https:\/\/www.normisjon.no\/content\/uploads\/sites\/27\/2022\/05\/leirskogtun.jpg","contentUrl":"https:\/\/www.normisjon.no\/content\/uploads\/sites\/27\/2022\/05\/leirskogtun.jpg","width":1440,"height":1800,"caption":"Gutter p\u00e5 leir"},{"@type":"BreadcrumbList","@id":"https:\/\/acta.no\/agder\/kalender\/#breadcrumb","itemListElement":[{"@type":"ListItem","position":1,"name":"Til acta.no","item":"https:\/\/acta.no\/"},{"@type":"ListItem","position":2,"name":"Region Agder","item":"https:\/\/acta.no\/agder\/"},{"@type":"ListItem","position":3,"name":"Kalender"}]},{"@type":"WebSite","@id":"https:\/\/acta.no\/agder\/#website","url":"https:\/\/acta.no\/agder\/","name":"Acta Region Agder","description":"Agder","potentialAction":[{"@type":"SearchAction","target":{"@type":"EntryPoint","urlTemplate":"https:\/\/acta.no\/agder\/?s={search_term_string}"},"query-input":{"@type":"PropertyValueSpecification","valueRequired":true,"valueName":"search_term_string"}}],"inLanguage":"nb-NO"}]}},"_links":{"self":[{"href":"https:\/\/acta.no\/agder\/wp-json\/wp\/v2\/pages\/29","targetHints":{"allow":["GET"]}}],"collection":[{"href":"https:\/\/acta.no\/agder\/wp-json\/wp\/v2\/pages"}],"about":[{"href":"https:\/\/acta.no\/agder\/wp-json\/wp\/v2\/types\/page"}],"author":[{"embeddable":true,"href":"https:\/\/acta.no\/agder\/wp-json\/wp\/v2\/users\/108"}],"replies":[{"embeddable":true,"href":"https:\/\/acta.no\/agder\/wp-json\/wp\/v2\/comments?post=29"}],"version-history":[{"count":41,"href":"https:\/\/acta.no\/agder\/wp-json\/wp\/v2\/pages\/29\/revisions"}],"predecessor-version":[{"id":1734,"href":"https:\/\/acta.no\/agder\/wp-json\/wp\/v2\/pages\/29\/revisions\/1734"}],"wp:featuredmedia":[{"embeddable":true,"href":"https:\/\/acta.no\/agder\/wp-json\/wp\/v2\/media\/364"}],"wp:attachment":[{"href":"https:\/\/acta.no\/agder\/wp-json\/wp\/v2\/media?parent=29"}],"curies":[{"name":"wp","href":"https:\/\/api.w.org\/{rel}","templated":true}]}}