{"id":191,"date":"2021-01-11T10:29:20","date_gmt":"2021-01-11T10:29:20","guid":{"rendered":"http:\/\/acta.no\/agder\/?page_id=191"},"modified":"2022-09-08T09:39:25","modified_gmt":"2022-09-08T09:39:25","slug":"nyheter-fra-acta","status":"publish","type":"page","link":"https:\/\/acta.no\/agder\/nyheter-fra-acta\/","title":{"rendered":"Nyheter fra Acta Agder"},"content":{"rendered":"<div id=\"module-0\" class=\"hogan-module hogan-module-archive hogan-module-0\"><div class=\"hogan-module-inner\">\n\t<div class=\"hogan-grid hogan-grid-text-center\">\n\t\t<div class=\"hogan-grid-inner\">\n\t\t\t\t\t\t\t\t<div class=\"hogan-grid-item hogan-grid-item-type-post hogan-grid-item-size-small savage-has-image savage-has-heading savage-has-teaser\">\n\t\t\t\t\t\t<div class=\"hogan-grid-item-inner\">\n\t\t\t\t\t\t\t<div class=\"savage-card-image\">\n\t<div class=\"savage-card-image-inner\">\n\t\t<span class=\"savage-card-image-image\" style=\"background-image: url(https:\/\/www.normisjon.no\/content\/uploads\/sites\/27\/2026\/04\/ACTA-AGDER-KALENDERhost26.png);\"><\/span>\t<\/div>\n<\/div>\n\t\t<div class=\"savage-card-body\">\n\t\t\t<div class=\"savage-card-body-inner\">\n\t\t\t\t<h2 class=\"savage-card-heading\">Kalenderne for h\u00f8sten er klare!<\/h2><p class=\"savage-card-teaser\">Les mer<\/p>\t\t\t<\/div>\n\t\t<\/div>\n\t\t<a href=\"https:\/\/acta.no\/agder\/2026\/04\/29\/kalenderne-for-hosten-er-klare\/\" class=\"savage-card-link\"><span class=\"screen-reader-text\">Read article &quot;Kalenderne for h\u00f8sten er klare!&quot;<\/span><\/a>\t\t\t\t\t\t<\/div>\n\t\t\t\t\t<\/div>\n\t\t\t\t\t\t\t\t\t\t<div class=\"hogan-grid-item hogan-grid-item-type-post hogan-grid-item-size-small savage-has-image savage-has-heading savage-has-excerpt savage-has-teaser\">\n\t\t\t\t\t\t<div class=\"hogan-grid-item-inner\">\n\t\t\t\t\t\t\t<div class=\"savage-card-image\">\n\t<div class=\"savage-card-image-inner\">\n\t\t<span class=\"savage-card-image-image\" style=\"background-image: url(https:\/\/www.normisjon.no\/content\/uploads\/sites\/27\/2026\/03\/leirjenter-768x528.png);\"><\/span>\t<\/div>\n<\/div>\n\t\t<div class=\"savage-card-body\">\n\t\t\t<div class=\"savage-card-body-inner\">\n\t\t\t\t<h2 class=\"savage-card-heading\">Graven er tom<\/h2><p class=\"savage-card-excerpt\">Helgen 6. - 8. mars var det p\u00e5skeleir for 1.-4.kl p\u00e5 Fredheim leirsted ved Oggevatn. Det var ca. 40 deltagere og ca. 20 ledere og foreldre som tilbragte helgen i Ivelands skoger. <\/p><p class=\"savage-card-teaser\">Les mer <\/p>\t\t\t<\/div>\n\t\t<\/div>\n\t\t<a href=\"https:\/\/acta.no\/agder\/2026\/03\/11\/graven-er-tom\/\" class=\"savage-card-link\"><span class=\"screen-reader-text\">Read article &quot;Graven er tom&quot;<\/span><\/a>\t\t\t\t\t\t<\/div>\n\t\t\t\t\t<\/div>\n\t\t\t\t\t\t\t\t\t\t<div class=\"hogan-grid-item hogan-grid-item-type-post hogan-grid-item-size-small savage-has-image savage-has-heading savage-has-excerpt savage-has-teaser\">\n\t\t\t\t\t\t<div class=\"hogan-grid-item-inner\">\n\t\t\t\t\t\t\t<div class=\"savage-card-image\">\n\t<div class=\"savage-card-image-inner\">\n\t\t<span class=\"savage-card-image-image\" style=\"background-image: url(https:\/\/www.normisjon.no\/content\/uploads\/sites\/27\/2026\/02\/att.ZNG0kc6Q7Wi0wvbDelCHbXUy1mBwJNZ_HjyPad1Q7Mc-768x576.jpg);\"><\/span>\t<\/div>\n<\/div>\n\t\t<div class=\"savage-card-body\">\n\t\t\t<div class=\"savage-card-body-inner\">\n\t\t\t\t<h2 class=\"savage-card-heading\">Familien D\u00f8rdal p\u00e5 TID i Kenya: Tre m\u00e5neder med Gud, fellesskap og nye opplevelser<\/h2><p class=\"savage-card-excerpt\">Elisabeth D\u00f8rdal, leder i Acta Agder, og ektemannen Olav, som er bibelskolel\u00e6rer ved BiG, oppholder seg for tiden i Kenya sammen med sine to barn, Sunniva og Johannes, p\u00e5 tre m\u00e5neders familiebibelskole gjennom TID Bibelskole.<\/p><p class=\"savage-card-teaser\">Les mer <\/p>\t\t\t<\/div>\n\t\t<\/div>\n\t\t<a href=\"https:\/\/acta.no\/agder\/2026\/02\/11\/familien-dordal-pa-tid-i-kenya-tre-maneder-med-gud-fellesskap-og-nye-opplevelser\/\" class=\"savage-card-link\"><span class=\"screen-reader-text\">Read article &quot;Familien D\u00f8rdal p\u00e5 TID i Kenya: Tre m\u00e5neder med Gud, fellesskap og nye opplevelser&quot;<\/span><\/a>\t\t\t\t\t\t<\/div>\n\t\t\t\t\t<\/div>\n\t\t\t\t\t\t\t\t\t\t<div class=\"hogan-grid-item hogan-grid-item-type-post hogan-grid-item-size-small savage-has-image savage-has-heading savage-has-teaser\">\n\t\t\t\t\t\t<div class=\"hogan-grid-item-inner\">\n\t\t\t\t\t\t\t<div class=\"savage-card-image\">\n\t<div class=\"savage-card-image-inner\">\n\t\t<span class=\"savage-card-image-image\" style=\"background-image: url(https:\/\/www.normisjon.no\/content\/uploads\/sites\/27\/2026\/01\/3-1-768x768.png);\"><\/span>\t<\/div>\n<\/div>\n\t\t<div class=\"savage-card-body\">\n\t\t\t<div class=\"savage-card-body-inner\">\n\t\t\t\t<h2 class=\"savage-card-heading\">P\u00e5melding til p\u00e5skeleirene \u00e5pner 25.01 kl.18!<\/h2><p class=\"savage-card-teaser\">Les mer<\/p>\t\t\t<\/div>\n\t\t<\/div>\n\t\t<a href=\"https:\/\/acta.no\/agder\/2026\/01\/09\/pamelding-til-paskeleirene-apner-25-01-kl-18\/\" class=\"savage-card-link\"><span class=\"screen-reader-text\">Read article &quot;P\u00e5melding til p\u00e5skeleirene \u00e5pner 25.01 kl.18!&quot;<\/span><\/a>\t\t\t\t\t\t<\/div>\n\t\t\t\t\t<\/div>\n\t\t\t\t\t\t\t\t\t\t<div class=\"hogan-grid-item hogan-grid-item-type-post hogan-grid-item-size-small savage-has-image savage-has-heading savage-has-teaser\">\n\t\t\t\t\t\t<div class=\"hogan-grid-item-inner\">\n\t\t\t\t\t\t\t<div class=\"savage-card-image\">\n\t<div class=\"savage-card-image-inner\">\n\t\t<span class=\"savage-card-image-image\" style=\"background-image: url(https:\/\/www.normisjon.no\/content\/uploads\/sites\/27\/2025\/12\/ettaringsoknad-768x1033.png);\"><\/span>\t<\/div>\n<\/div>\n\t\t<div class=\"savage-card-body\">\n\t\t\t<div class=\"savage-card-body-inner\">\n\t\t\t\t<h2 class=\"savage-card-heading\">Er DU v\u00e5r nye ett\u00e5ring?<\/h2><p class=\"savage-card-teaser\">Les mer <\/p>\t\t\t<\/div>\n\t\t<\/div>\n\t\t<a href=\"https:\/\/acta.no\/agder\/2025\/12\/17\/er-du-var-nye-ettaring-2\/\" class=\"savage-card-link\"><span class=\"screen-reader-text\">Read article &quot;Er DU v\u00e5r nye ett\u00e5ring?&quot;<\/span><\/a>\t\t\t\t\t\t<\/div>\n\t\t\t\t\t<\/div>\n\t\t\t\t\t\t\t\t\t\t<div class=\"hogan-grid-item hogan-grid-item-type-post hogan-grid-item-size-small savage-has-image savage-has-heading savage-has-excerpt savage-has-teaser\">\n\t\t\t\t\t\t<div class=\"hogan-grid-item-inner\">\n\t\t\t\t\t\t\t<div class=\"savage-card-image\">\n\t<div class=\"savage-card-image-inner\">\n\t\t<span class=\"savage-card-image-image\" style=\"background-image: url(https:\/\/www.normisjon.no\/content\/uploads\/sites\/27\/2025\/11\/ACTA-AGDER-KALENDER-Va\u030ar-2026-768x543.png);\"><\/span>\t<\/div>\n<\/div>\n\t\t<div class=\"savage-card-body\">\n\t\t\t<div class=\"savage-card-body-inner\">\n\t\t\t\t<h2 class=\"savage-card-heading\">Ny v\u00e5rkalender: Leirer, ledertrening og festival i 2026<\/h2><p class=\"savage-card-excerpt\">Her er v\u00e5rens kalender!<\/p><p class=\"savage-card-teaser\">Les mer <\/p>\t\t\t<\/div>\n\t\t<\/div>\n\t\t<a href=\"https:\/\/acta.no\/agder\/2025\/11\/19\/ny-varkalender-leirer-ledertrening-og-festival-i-2026\/\" class=\"savage-card-link\"><span class=\"screen-reader-text\">Read article &quot;Ny v\u00e5rkalender: Leirer, ledertrening og festival i 2026&quot;<\/span><\/a>\t\t\t\t\t\t<\/div>\n\t\t\t\t\t<\/div>\n\t\t\t\t\t\t\t\t\t\t<div class=\"hogan-grid-item hogan-grid-item-type-post hogan-grid-item-size-small savage-has-image savage-has-heading savage-has-teaser\">\n\t\t\t\t\t\t<div class=\"hogan-grid-item-inner\">\n\t\t\t\t\t\t\t<div class=\"savage-card-image\">\n\t<div class=\"savage-card-image-inner\">\n\t\t<span class=\"savage-card-image-image\" style=\"background-image: url(https:\/\/www.normisjon.no\/content\/uploads\/sites\/27\/2025\/11\/Umbraco2026-datoer-1080-x-1080-px-1-768x768.png);\"><\/span>\t<\/div>\n<\/div>\n\t\t<div class=\"savage-card-body\">\n\t\t\t<div class=\"savage-card-body-inner\">\n\t\t\t\t<h2 class=\"savage-card-heading\">P\u00e5melding til Umbraco v\u00e5ren 2026 er \u00e5pen!<\/h2><p class=\"savage-card-teaser\">Les mer <\/p>\t\t\t<\/div>\n\t\t<\/div>\n\t\t<a href=\"https:\/\/acta.no\/agder\/2025\/11\/12\/pamelding-til-umbraco-varen-2026\/\" class=\"savage-card-link\"><span class=\"screen-reader-text\">Read article &quot;P\u00e5melding til Umbraco v\u00e5ren 2026 er \u00e5pen!&quot;<\/span><\/a>\t\t\t\t\t\t<\/div>\n\t\t\t\t\t<\/div>\n\t\t\t\t\t\t\t\t\t\t<div class=\"hogan-grid-item hogan-grid-item-type-post hogan-grid-item-size-small savage-has-image savage-has-heading\">\n\t\t\t\t\t\t<div class=\"hogan-grid-item-inner\">\n\t\t\t\t\t\t\t<div class=\"savage-card-image\">\n\t<div class=\"savage-card-image-inner\">\n\t\t<span class=\"savage-card-image-image\" style=\"background-image: url(https:\/\/www.normisjon.no\/content\/uploads\/sites\/27\/2025\/10\/Skjermbilde-2025-10-06-kl.-12.09.17-768x783.png);\"><\/span>\t<\/div>\n<\/div>\n\t\t<div class=\"savage-card-body\">\n\t\t\t<div class=\"savage-card-body-inner\">\n\t\t\t\t<h2 class=\"savage-card-heading\">Gaming-leir ble en suksess!<\/h2>\t\t\t<\/div>\n\t\t<\/div>\n\t\t<a href=\"https:\/\/acta.no\/agder\/2025\/10\/06\/gaming-leir-ble-en-suksess\/\" class=\"savage-card-link\"><span class=\"screen-reader-text\">Read article &quot;Gaming-leir ble en suksess!&quot;<\/span><\/a>\t\t\t\t\t\t<\/div>\n\t\t\t\t\t<\/div>\n\t\t\t\t\t\t\t\t\t\t<div class=\"hogan-grid-item hogan-grid-item-type-post hogan-grid-item-size-small savage-has-image savage-has-heading\">\n\t\t\t\t\t\t<div class=\"hogan-grid-item-inner\">\n\t\t\t\t\t\t\t<div class=\"savage-card-image\">\n\t<div class=\"savage-card-image-inner\">\n\t\t<span class=\"savage-card-image-image\" style=\"background-image: url(https:\/\/www.normisjon.no\/content\/uploads\/sites\/27\/2025\/10\/1-768x329.png);\"><\/span>\t<\/div>\n<\/div>\n\t\t<div class=\"savage-card-body\">\n\t\t\t<div class=\"savage-card-body-inner\">\n\t\t\t\t<h2 class=\"savage-card-heading\">P\u00e5melding til adventsleirene er n\u00e5 \u00e5pen!<\/h2>\t\t\t<\/div>\n\t\t<\/div>\n\t\t<a href=\"https:\/\/acta.no\/agder\/2025\/10\/06\/pamelding-til-adventsleirene-apner-til-sondag\/\" class=\"savage-card-link\"><span class=\"screen-reader-text\">Read article &quot;P\u00e5melding til adventsleirene er n\u00e5 \u00e5pen!&quot;<\/span><\/a>\t\t\t\t\t\t<\/div>\n\t\t\t\t\t<\/div>\n\t\t\t\t\t\t\t\t\t\t<div class=\"hogan-grid-item hogan-grid-item-type-post hogan-grid-item-size-small savage-has-image savage-has-heading savage-has-excerpt savage-has-teaser\">\n\t\t\t\t\t\t<div class=\"hogan-grid-item-inner\">\n\t\t\t\t\t\t\t<div class=\"savage-card-image\">\n\t<div class=\"savage-card-image-inner\">\n\t\t<span class=\"savage-card-image-image\" style=\"background-image: url(https:\/\/www.normisjon.no\/content\/uploads\/sites\/27\/2025\/05\/IMG_1295-768x1024.jpg);\"><\/span>\t<\/div>\n<\/div>\n\t\t<div class=\"savage-card-body\">\n\t\t\t<div class=\"savage-card-body-inner\">\n\t\t\t\t<h2 class=\"savage-card-heading\">Sommerleir med Acta Agder: B\u00f8nn, glede og fellesskap p\u00e5 Fredheim<\/h2><p class=\"savage-card-excerpt\">Sommerleir med Acta Agder: B\u00f8nn, glede og fellesskap p\u00e5 Fredheim<\/p><p class=\"savage-card-teaser\">Les mer <\/p>\t\t\t<\/div>\n\t\t<\/div>\n\t\t<a href=\"https:\/\/acta.no\/agder\/2025\/05\/25\/sommerleir-med-acta-agder-bonn-glede-og-fellesskap-pa-fredheim\/\" class=\"savage-card-link\"><span class=\"screen-reader-text\">Read article &quot;Sommerleir med Acta Agder: B\u00f8nn, glede og fellesskap p\u00e5 Fredheim&quot;<\/span><\/a>\t\t\t\t\t\t<\/div>\n\t\t\t\t\t<\/div>\n\t\t\t\t\t\t\t<\/div>\n\t<\/div>\n\n\t<\/div><\/div>","protected":false},"excerpt":{"rendered":"<p>Kalenderne for h\u00f8sten er klare!Les mer Read article &quot;Kalenderne for h\u00f8sten er klare!&quot; Graven er tomHelgen 6. &#8211; 8. mars var det p\u00e5skeleir for 1.-4.kl p\u00e5 Fredheim leirsted ved Oggevatn. Det var ca. 40 deltagere og ca. 20 ledere og foreldre som tilbragte helgen i Ivelands skoger. Les mer Read article &quot;Graven er tom&quot; Familien [&hellip;]<\/p>\n","protected":false},"author":69,"featured_media":0,"parent":0,"menu_order":0,"comment_status":"closed","ping_status":"closed","template":"","meta":{"_acf_changed":false,"footnotes":""},"class_list":["post-191","page","type-page","status-publish","hentry"],"acf":[],"yoast_head":"<!-- This site is optimized with the Yoast SEO plugin v25.9 - https:\/\/yoast.com\/wordpress\/plugins\/seo\/ -->\n<title>Nyheter fra Acta Agder - Acta Region Agder<\/title>\n<meta name=\"robots\" content=\"index, follow, max-snippet:-1, max-image-preview:large, max-video-preview:-1\" \/>\n<link rel=\"canonical\" href=\"https:\/\/acta.no\/agder\/nyheter-fra-acta\/\" \/>\n<meta property=\"og:locale\" content=\"nb_NO\" \/>\n<meta property=\"og:type\" content=\"article\" \/>\n<meta property=\"og:title\" content=\"Nyheter fra Acta Agder - Acta Region Agder\" \/>\n<meta property=\"og:description\" content=\"Kalenderne for h\u00f8sten er klare!Les mer Read article &quot;Kalenderne for h\u00f8sten er klare!&quot; Graven er tomHelgen 6. - 8. mars var det p\u00e5skeleir for 1.-4.kl p\u00e5 Fredheim leirsted ved Oggevatn. Det var ca. 40 deltagere og ca. 20 ledere og foreldre som tilbragte helgen i Ivelands skoger. Les mer Read article &quot;Graven er tom&quot; Familien [&hellip;]\" \/>\n<meta property=\"og:url\" content=\"https:\/\/acta.no\/agder\/nyheter-fra-acta\/\" \/>\n<meta property=\"og:site_name\" content=\"Acta Region Agder\" \/>\n<meta property=\"article:modified_time\" content=\"2022-09-08T09:39:25+00:00\" \/>\n<meta property=\"og:image\" content=\"https:\/\/www.normisjon.no\/content\/uploads\/sites\/27\/2021\/01\/basuner-kopi.jpg\" \/>\n\t<meta property=\"og:image:width\" content=\"509\" \/>\n\t<meta property=\"og:image:height\" content=\"240\" \/>\n\t<meta property=\"og:image:type\" content=\"image\/jpeg\" \/>\n<meta name=\"twitter:card\" content=\"summary_large_image\" \/>\n<script type=\"application\/ld+json\" class=\"yoast-schema-graph\">{\"@context\":\"https:\/\/schema.org\",\"@graph\":[{\"@type\":\"WebPage\",\"@id\":\"https:\/\/acta.no\/agder\/nyheter-fra-acta\/\",\"url\":\"https:\/\/acta.no\/agder\/nyheter-fra-acta\/\",\"name\":\"Nyheter fra Acta Agder - Acta Region Agder\",\"isPartOf\":{\"@id\":\"https:\/\/acta.no\/agder\/#website\"},\"datePublished\":\"2021-01-11T10:29:20+00:00\",\"dateModified\":\"2022-09-08T09:39:25+00:00\",\"breadcrumb\":{\"@id\":\"https:\/\/acta.no\/agder\/nyheter-fra-acta\/#breadcrumb\"},\"inLanguage\":\"nb-NO\",\"potentialAction\":[{\"@type\":\"ReadAction\",\"target\":[\"https:\/\/acta.no\/agder\/nyheter-fra-acta\/\"]}]},{\"@type\":\"BreadcrumbList\",\"@id\":\"https:\/\/acta.no\/agder\/nyheter-fra-acta\/#breadcrumb\",\"itemListElement\":[{\"@type\":\"ListItem\",\"position\":1,\"name\":\"Til acta.no\",\"item\":\"https:\/\/acta.no\/\"},{\"@type\":\"ListItem\",\"position\":2,\"name\":\"Region Agder\",\"item\":\"https:\/\/acta.no\/agder\/\"},{\"@type\":\"ListItem\",\"position\":3,\"name\":\"Nyheter fra Acta Agder\"}]},{\"@type\":\"WebSite\",\"@id\":\"https:\/\/acta.no\/agder\/#website\",\"url\":\"https:\/\/acta.no\/agder\/\",\"name\":\"Acta Region Agder\",\"description\":\"Agder\",\"potentialAction\":[{\"@type\":\"SearchAction\",\"target\":{\"@type\":\"EntryPoint\",\"urlTemplate\":\"https:\/\/acta.no\/agder\/?s={search_term_string}\"},\"query-input\":{\"@type\":\"PropertyValueSpecification\",\"valueRequired\":true,\"valueName\":\"search_term_string\"}}],\"inLanguage\":\"nb-NO\"}]}<\/script>\n<!-- \/ Yoast SEO plugin. -->","yoast_head_json":{"title":"Nyheter fra Acta Agder - Acta Region Agder","robots":{"index":"index","follow":"follow","max-snippet":"max-snippet:-1","max-image-preview":"max-image-preview:large","max-video-preview":"max-video-preview:-1"},"canonical":"https:\/\/acta.no\/agder\/nyheter-fra-acta\/","og_locale":"nb_NO","og_type":"article","og_title":"Nyheter fra Acta Agder - Acta Region Agder","og_description":"Kalenderne for h\u00f8sten er klare!Les mer Read article &quot;Kalenderne for h\u00f8sten er klare!&quot; Graven er tomHelgen 6. - 8. mars var det p\u00e5skeleir for 1.-4.kl p\u00e5 Fredheim leirsted ved Oggevatn. Det var ca. 40 deltagere og ca. 20 ledere og foreldre som tilbragte helgen i Ivelands skoger. Les mer Read article &quot;Graven er tom&quot; Familien [&hellip;]","og_url":"https:\/\/acta.no\/agder\/nyheter-fra-acta\/","og_site_name":"Acta Region Agder","article_modified_time":"2022-09-08T09:39:25+00:00","og_image":[{"width":509,"height":240,"url":"https:\/\/www.normisjon.no\/content\/uploads\/sites\/27\/2021\/01\/basuner-kopi.jpg","type":"image\/jpeg"}],"twitter_card":"summary_large_image","schema":{"@context":"https:\/\/schema.org","@graph":[{"@type":"WebPage","@id":"https:\/\/acta.no\/agder\/nyheter-fra-acta\/","url":"https:\/\/acta.no\/agder\/nyheter-fra-acta\/","name":"Nyheter fra Acta Agder - Acta Region Agder","isPartOf":{"@id":"https:\/\/acta.no\/agder\/#website"},"datePublished":"2021-01-11T10:29:20+00:00","dateModified":"2022-09-08T09:39:25+00:00","breadcrumb":{"@id":"https:\/\/acta.no\/agder\/nyheter-fra-acta\/#breadcrumb"},"inLanguage":"nb-NO","potentialAction":[{"@type":"ReadAction","target":["https:\/\/acta.no\/agder\/nyheter-fra-acta\/"]}]},{"@type":"BreadcrumbList","@id":"https:\/\/acta.no\/agder\/nyheter-fra-acta\/#breadcrumb","itemListElement":[{"@type":"ListItem","position":1,"name":"Til acta.no","item":"https:\/\/acta.no\/"},{"@type":"ListItem","position":2,"name":"Region Agder","item":"https:\/\/acta.no\/agder\/"},{"@type":"ListItem","position":3,"name":"Nyheter fra Acta Agder"}]},{"@type":"WebSite","@id":"https:\/\/acta.no\/agder\/#website","url":"https:\/\/acta.no\/agder\/","name":"Acta Region Agder","description":"Agder","potentialAction":[{"@type":"SearchAction","target":{"@type":"EntryPoint","urlTemplate":"https:\/\/acta.no\/agder\/?s={search_term_string}"},"query-input":{"@type":"PropertyValueSpecification","valueRequired":true,"valueName":"search_term_string"}}],"inLanguage":"nb-NO"}]}},"_links":{"self":[{"href":"https:\/\/acta.no\/agder\/wp-json\/wp\/v2\/pages\/191","targetHints":{"allow":["GET"]}}],"collection":[{"href":"https:\/\/acta.no\/agder\/wp-json\/wp\/v2\/pages"}],"about":[{"href":"https:\/\/acta.no\/agder\/wp-json\/wp\/v2\/types\/page"}],"author":[{"embeddable":true,"href":"https:\/\/acta.no\/agder\/wp-json\/wp\/v2\/users\/69"}],"replies":[{"embeddable":true,"href":"https:\/\/acta.no\/agder\/wp-json\/wp\/v2\/comments?post=191"}],"version-history":[{"count":12,"href":"https:\/\/acta.no\/agder\/wp-json\/wp\/v2\/pages\/191\/revisions"}],"predecessor-version":[{"id":445,"href":"https:\/\/acta.no\/agder\/wp-json\/wp\/v2\/pages\/191\/revisions\/445"}],"wp:attachment":[{"href":"https:\/\/acta.no\/agder\/wp-json\/wp\/v2\/media?parent=191"}],"curies":[{"name":"wp","href":"https:\/\/api.w.org\/{rel}","templated":true}]}}