{"version":"1.0","provider_name":"Acta Region Agder","provider_url":"https:\/\/acta.no\/agder","author_name":"tonjeteist","author_url":"https:\/\/acta.no\/agder\/author\/tonjeteist\/","title":"H\u00d8STENS LEIRER - Acta Region Agder","type":"rich","width":600,"height":338,"html":"<blockquote class=\"wp-embedded-content\" data-secret=\"vcSfbrf1Kn\"><a href=\"https:\/\/acta.no\/agder\/2021\/09\/03\/hostens-leirer\/\">H\u00d8STENS LEIRER<\/a><\/blockquote><iframe sandbox=\"allow-scripts\" security=\"restricted\" src=\"https:\/\/acta.no\/agder\/2021\/09\/03\/hostens-leirer\/embed\/#?secret=vcSfbrf1Kn\" width=\"600\" height=\"338\" title=\"&laquo;H\u00d8STENS LEIRER&raquo; &#8212; Acta Region Agder\" data-secret=\"vcSfbrf1Kn\" frameborder=\"0\" marginwidth=\"0\" marginheight=\"0\" scrolling=\"no\" class=\"wp-embedded-content\"><\/iframe><script type=\"text\/javascript\">\n\/* <![CDATA[ *\/\n\/*! This file is auto-generated *\/\n!function(d,l){\"use strict\";l.querySelector&&d.addEventListener&&\"undefined\"!=typeof URL&&(d.wp=d.wp||{},d.wp.receiveEmbedMessage||(d.wp.receiveEmbedMessage=function(e){var t=e.data;if((t||t.secret||t.message||t.value)&&!\/[^a-zA-Z0-9]\/.test(t.secret)){for(var s,r,n,a=l.querySelectorAll('iframe[data-secret=\"'+t.secret+'\"]'),o=l.querySelectorAll('blockquote[data-secret=\"'+t.secret+'\"]'),c=new RegExp(\"^https?:$\",\"i\"),i=0;i<o.length;i++)o[i].style.display=\"none\";for(i=0;i<a.length;i++)s=a[i],e.source===s.contentWindow&&(s.removeAttribute(\"style\"),\"height\"===t.message?(1e3<(r=parseInt(t.value,10))?r=1e3:~~r<200&&(r=200),s.height=r):\"link\"===t.message&&(r=new URL(s.getAttribute(\"src\")),n=new URL(t.value),c.test(n.protocol))&&n.host===r.host&&l.activeElement===s&&(d.top.location.href=t.value))}},d.addEventListener(\"message\",d.wp.receiveEmbedMessage,!1),l.addEventListener(\"DOMContentLoaded\",function(){for(var e,t,s=l.querySelectorAll(\"iframe.wp-embedded-content\"),r=0;r<s.length;r++)(t=(e=s[r]).getAttribute(\"data-secret\"))||(t=Math.random().toString(36).substring(2,12),e.src+=\"#?secret=\"+t,e.setAttribute(\"data-secret\",t)),e.contentWindow.postMessage({message:\"ready\",secret:t},\"*\")},!1)))}(window,document);\n\/* ]]> *\/\n<\/script>\n","description":"Det blir h\u00f8stleir for tweens i oktober. Vi m\u00e5tte avlyse sommerens leir like f\u00f8r start, og tenkte at vi ville gi dere mulighet til \u00e5 dra p\u00e5 leir n\u00e5r h\u00f8sten kom. H\u00e5per mange vil melde seg p\u00e5. Det blir knall! Mer info og p\u00e5melding her. Adventsleirer blir det ogs\u00e5, hele tre stykker. P\u00e5melding og info [&hellip;]","thumbnail_url":"https:\/\/www.normisjon.no\/content\/uploads\/sites\/27\/2021\/09\/H\u00f8st-og-barn.jpg","thumbnail_width":1200,"thumbnail_height":800}